{"id":686,"date":"2017-01-27T11:52:37","date_gmt":"2017-01-27T10:52:37","guid":{"rendered":"http:\/\/vergerdefouisseul.com\/?page_id=686"},"modified":"2019-06-26T11:02:08","modified_gmt":"2019-06-26T09:02:08","slug":"le-verger-images","status":"publish","type":"page","link":"https:\/\/www.vergerdefouisseul.com\/index.php\/le-verger-images\/","title":{"rendered":"Le Verger en images"},"content":{"rendered":"<p>D\u00e9couvrez le Verger de Fouisseul au gr\u00e9 des saisons :<\/p>\n\t\t<link href=\"https:\/\/www.vergerdefouisseul.com\/wp-content\/plugins\/slideshow-ck\/themes\/default\/css\/camera.css\" rel=\"stylesheet\" type=\"text\/css\" \/>\n\t\t<style type=\"text\/css\">\n\t\t\t#camera_wrap_868 .camera_pag_ul li img, #camera_wrap_868 .camera_thumbs_cont ul li img {\n\t\t\t\theight:100px;\n\t\t\t\twidth: auto;\n\t\t\t}\n\t\t\t#camera_wrap_868 .camera_caption {\n\t\t\t\tdisplay: block;\n\t\t\t\tposition: absolute;\n\t\t\t}\n\t\t\t#camera_wrap_868 .camera_caption a.camera_caption_link {\n\t\t\t\tdisplay: block;\n\t\t\t\tposition: absolute;\n\t\t\t\tleft: 0;\n\t\t\t\tright: 0;\n\t\t\t\ttop: 0;\n\t\t\t\tbottom: 0;\n\t\t\t}\n\t\t\t#camera_wrap_868 .camera_caption > div {\n\t\t\t\tbackground: rgba(84,84,84,0.5);\t\t\t}\n\t\t\t#camera_wrap_868 .camera_caption div.camera_caption_title {\n\t\t\t\tfont-size: 18px;line-height: 18px;font-weight: normal;\t\t\t}\n\t\t\t#camera_wrap_868 .camera_caption div.camera_caption_desc {\n\t\t\t\tfont-size: 12px;line-height: 12px;font-weight: normal;\t\t\t}\n\t\t<\/style>\n\t\t\t\t<div class=\"slideshowck camera_wrap camera_amber_skin\" id=\"camera_wrap_868\">\n\t\t\t\t\t\t\t<div  data-thumb=\"https:\/\/www.vergerdefouisseul.com\/wp-content\/uploads\/2020\/06\/13042020-Le-Verger-de-Fouisseul-Pano-Gites-02-scaled.jpg\" data-src=\"https:\/\/www.vergerdefouisseul.com\/wp-content\/uploads\/2020\/06\/13042020-Le-Verger-de-Fouisseul-Pano-Gites-02-scaled.jpg\" data-link=\"https:\/\/www.vergerdefouisseul.com\/wp-content\/uploads\/2020\/06\/13042020-Le-Verger-de-Fouisseul-Pano-Gites-02-scaled.jpg\" data-target=\"_parent\">\n\t\t\t\t\t\t\t\t\t\t<\/div>\n\t\t\t\t\t\t\t<div  data-thumb=\"https:\/\/www.vergerdefouisseul.com\/wp-content\/uploads\/2020\/05\/IMG_77211.jpg\" data-src=\"https:\/\/www.vergerdefouisseul.com\/wp-content\/uploads\/2020\/05\/IMG_77211.jpg\" data-link=\"https:\/\/www.vergerdefouisseul.com\/wp-content\/uploads\/2020\/05\/IMG_77211.jpg\" data-target=\"_parent\">\n\t\t\t\t\t\t\t\t\t\t<\/div>\n\t\t\t\t\t\t\t<div  data-thumb=\"https:\/\/www.vergerdefouisseul.com\/wp-content\/uploads\/2020\/06\/04042020-Chevreuil-01-scaled.jpg\" data-src=\"https:\/\/www.vergerdefouisseul.com\/wp-content\/uploads\/2020\/06\/04042020-Chevreuil-01-scaled.jpg\" data-link=\"https:\/\/www.vergerdefouisseul.com\/wp-content\/uploads\/2020\/06\/04042020-Chevreuil-01-scaled.jpg\" data-target=\"_parent\">\n\t\t\t\t\t\t\t\t\t\t\t\t<div class=\"camera_caption moveFromLeft\">\n\t\t\t\t\t\t\t\t\t\t\t\t\t\t<div class=\"camera_caption_title\">\n\t\t\t\t\t\t\t\tles chevreuils s'invitent au Verger\t\t\t\t\t\t\t<\/div>\n\t\t\t\t\t\t\t\t\t\t\t\t\t\t\t\t\t\t\t\t\t\t\t\t\t\t\t\t\t\t\t\t\t\t<\/div>\n\t\t\t\t\t\t\t\t\t\t<\/div>\n\t\t\t\t\t\t\t<div  data-thumb=\"https:\/\/www.vergerdefouisseul.com\/wp-content\/uploads\/2020\/07\/12012020-Le-Verger-de-Fouisseul-Poneys-08-scaled.jpg\" data-src=\"https:\/\/www.vergerdefouisseul.com\/wp-content\/uploads\/2020\/07\/12012020-Le-Verger-de-Fouisseul-Poneys-08-scaled.jpg\" data-link=\"https:\/\/www.vergerdefouisseul.com\/wp-content\/uploads\/2020\/07\/12012020-Le-Verger-de-Fouisseul-Poneys-08-scaled.jpg\" data-target=\"_parent\">\n\t\t\t\t\t\t\t\t\t\t\t\t<div class=\"camera_caption moveFromLeft\">\n\t\t\t\t\t\t\t\t\t\t\t\t\t\t<div class=\"camera_caption_title\">\n\t\t\t\t\t\t\t\tBikini et Yakari nous ont rejoint en d\u00e9cembre\t\t\t\t\t\t\t<\/div>\n\t\t\t\t\t\t\t\t\t\t\t\t\t\t\t\t\t\t\t\t\t\t\t\t\t\t\t\t\t\t\t\t\t\t<\/div>\n\t\t\t\t\t\t\t\t\t\t<\/div>\n\t\t\t\t\t\t\t<div  data-thumb=\"https:\/\/www.vergerdefouisseul.com\/wp-content\/uploads\/2020\/07\/11012020-Le-Verger-de-Fouisseul-Poneys-20-scaled.jpg\" data-src=\"https:\/\/www.vergerdefouisseul.com\/wp-content\/uploads\/2020\/07\/11012020-Le-Verger-de-Fouisseul-Poneys-20-scaled.jpg\" data-link=\"https:\/\/www.vergerdefouisseul.com\/wp-content\/uploads\/2020\/07\/11012020-Le-Verger-de-Fouisseul-Poneys-20-scaled.jpg\" data-target=\"_parent\">\n\t\t\t\t\t\t\t\t\t\t\t\t<div class=\"camera_caption moveFromLeft\">\n\t\t\t\t\t\t\t\t\t\t\t\t\t\t<div class=\"camera_caption_title\">\n\t\t\t\t\t\t\t\tYakari garde un oeil sur la maison\t\t\t\t\t\t\t<\/div>\n\t\t\t\t\t\t\t\t\t\t\t\t\t\t\t\t\t\t\t\t\t\t\t\t\t\t\t\t\t\t\t\t\t\t<\/div>\n\t\t\t\t\t\t\t\t\t\t<\/div>\n\t\t\t\t\t\t\t<div  data-thumb=\"https:\/\/www.vergerdefouisseul.com\/wp-content\/uploads\/2017\/05\/verger_orage.jpg\" data-src=\"https:\/\/www.vergerdefouisseul.com\/wp-content\/uploads\/2017\/05\/verger_orage.jpg\" data-link=\"https:\/\/www.vergerdefouisseul.com\/wp-content\/uploads\/2017\/05\/verger_orage.jpg\" data-target=\"_parent\">\n\t\t\t\t\t\t\t\t\t\t\t\t<div class=\"camera_caption moveFromLeft\">\n\t\t\t\t\t\t\t\t\t\t\t\t\t\t<div class=\"camera_caption_title\">\n\t\t\t\t\t\t\t\tl'orage gronde sur le Verger de Fouisseul\t\t\t\t\t\t\t<\/div>\n\t\t\t\t\t\t\t\t\t\t\t\t\t\t\t\t\t\t\t\t\t\t\t\t\t\t\t\t\t\t\t\t\t\t<\/div>\n\t\t\t\t\t\t\t\t\t\t<\/div>\n\t\t\t\t\t\t\t<div  data-thumb=\"https:\/\/www.vergerdefouisseul.com\/wp-content\/uploads\/2017\/05\/20170423_Le-Verger-Fouisseul_ext\u00e9rieurs-19.jpg\" data-src=\"https:\/\/www.vergerdefouisseul.com\/wp-content\/uploads\/2017\/05\/20170423_Le-Verger-Fouisseul_ext\u00e9rieurs-19.jpg\" data-link=\"https:\/\/www.vergerdefouisseul.com\/wp-content\/uploads\/2017\/05\/20170423_Le-Verger-Fouisseul_ext\u00e9rieurs-19.jpg\" data-target=\"_parent\">\n\t\t\t\t\t\t\t\t\t\t<\/div>\n\t\t\t\t\t\t\t<div  data-thumb=\"https:\/\/www.vergerdefouisseul.com\/wp-content\/uploads\/2017\/05\/20170423_Le-Verger-Fouisseul_ext\u00e9rieurs-22.jpg\" data-src=\"https:\/\/www.vergerdefouisseul.com\/wp-content\/uploads\/2017\/05\/20170423_Le-Verger-Fouisseul_ext\u00e9rieurs-22.jpg\" data-link=\"https:\/\/www.vergerdefouisseul.com\/wp-content\/uploads\/2017\/05\/20170423_Le-Verger-Fouisseul_ext\u00e9rieurs-22.jpg\" data-target=\"_parent\">\n\t\t\t\t\t\t\t\t\t\t<\/div>\n\t\t\t\t\t\t\t<div  data-thumb=\"https:\/\/www.vergerdefouisseul.com\/wp-content\/uploads\/2017\/05\/20170423_Le-Verger-Fouisseul_ext\u00e9rieurs-6.jpg\" data-src=\"https:\/\/www.vergerdefouisseul.com\/wp-content\/uploads\/2017\/05\/20170423_Le-Verger-Fouisseul_ext\u00e9rieurs-6.jpg\" data-link=\"https:\/\/www.vergerdefouisseul.com\/wp-content\/uploads\/2017\/05\/20170423_Le-Verger-Fouisseul_ext\u00e9rieurs-6.jpg\" data-target=\"_parent\">\n\t\t\t\t\t\t\t\t\t\t<\/div>\n\t\t\t\t\t\t\t<div  data-thumb=\"https:\/\/www.vergerdefouisseul.com\/wp-content\/uploads\/2017\/01\/16113011_1280870385328683_2292363288752009005_o.jpg\" data-src=\"https:\/\/www.vergerdefouisseul.com\/wp-content\/uploads\/2017\/01\/16113011_1280870385328683_2292363288752009005_o.jpg\" data-link=\"https:\/\/www.vergerdefouisseul.com\/wp-content\/uploads\/2017\/01\/16113011_1280870385328683_2292363288752009005_o.jpg\" data-target=\"_parent\">\n\t\t\t\t\t\t\t\t\t\t<\/div>\n\t\t\t\t\t\t\t<div  data-thumb=\"https:\/\/www.vergerdefouisseul.com\/wp-content\/uploads\/2015\/07\/15774668_1267106866705035_5009071077151478177_o.jpg\" data-src=\"https:\/\/www.vergerdefouisseul.com\/wp-content\/uploads\/2015\/07\/15774668_1267106866705035_5009071077151478177_o.jpg\" data-link=\"https:\/\/www.vergerdefouisseul.com\/wp-content\/uploads\/2015\/07\/15774668_1267106866705035_5009071077151478177_o.jpg\" data-target=\"_parent\">\n\t\t\t\t\t\t\t\t\t\t<\/div>\n\t\t\t\t\t\t\t<div  data-thumb=\"https:\/\/www.vergerdefouisseul.com\/wp-content\/uploads\/2016\/11\/20161104_Le-Verger-Fouisseul_ext\u00e9rieurs-nouveaux-17.jpg\" data-src=\"https:\/\/www.vergerdefouisseul.com\/wp-content\/uploads\/2016\/11\/20161104_Le-Verger-Fouisseul_ext\u00e9rieurs-nouveaux-17.jpg\" data-link=\"https:\/\/www.vergerdefouisseul.com\/wp-content\/uploads\/2016\/11\/20161104_Le-Verger-Fouisseul_ext\u00e9rieurs-nouveaux-17.jpg\" data-target=\"_parent\">\n\t\t\t\t\t\t\t\t\t\t<\/div>\n\t\t\t\t\t\t\t<div  data-thumb=\"https:\/\/www.vergerdefouisseul.com\/wp-content\/uploads\/2016\/11\/20161104_Le-Verger-Fouisseul_ext\u00e9rieurs-nouveaux-10.jpg\" data-src=\"https:\/\/www.vergerdefouisseul.com\/wp-content\/uploads\/2016\/11\/20161104_Le-Verger-Fouisseul_ext\u00e9rieurs-nouveaux-10.jpg\" data-link=\"https:\/\/www.vergerdefouisseul.com\/wp-content\/uploads\/2016\/11\/20161104_Le-Verger-Fouisseul_ext\u00e9rieurs-nouveaux-10.jpg\" data-target=\"_parent\">\n\t\t\t\t\t\t\t\t\t\t<\/div>\n\t\t\t\t\t\t\t<div  data-thumb=\"https:\/\/www.vergerdefouisseul.com\/wp-content\/uploads\/2017\/01\/14231181_1145796588836064_4766050763542019316_o.jpg\" data-src=\"https:\/\/www.vergerdefouisseul.com\/wp-content\/uploads\/2017\/01\/14231181_1145796588836064_4766050763542019316_o.jpg\" data-link=\"https:\/\/www.vergerdefouisseul.com\/wp-content\/uploads\/2017\/01\/14231181_1145796588836064_4766050763542019316_o.jpg\" data-target=\"_parent\">\n\t\t\t\t\t\t\t\t\t\t<\/div>\n\t\t\t\t\t\t\t<div  data-thumb=\"https:\/\/www.vergerdefouisseul.com\/wp-content\/uploads\/2017\/01\/13996249_1128408190574904_4484565355790136267_o.jpg\" data-src=\"https:\/\/www.vergerdefouisseul.com\/wp-content\/uploads\/2017\/01\/13996249_1128408190574904_4484565355790136267_o.jpg\" data-link=\"https:\/\/www.vergerdefouisseul.com\/wp-content\/uploads\/2017\/01\/13996249_1128408190574904_4484565355790136267_o.jpg\" data-target=\"_parent\">\n\t\t\t\t\t\t\t\t\t\t<\/div>\n\t\t\t\t\t\t\t<div  data-thumb=\"https:\/\/www.vergerdefouisseul.com\/wp-content\/uploads\/2015\/09\/12068550_561184074039385_603542770726655918_o.jpg\" data-src=\"https:\/\/www.vergerdefouisseul.com\/wp-content\/uploads\/2015\/09\/12068550_561184074039385_603542770726655918_o.jpg\" data-link=\"https:\/\/www.vergerdefouisseul.com\/wp-content\/uploads\/2015\/09\/12068550_561184074039385_603542770726655918_o.jpg\" data-target=\"_parent\">\n\t\t\t\t\t\t\t\t\t\t<\/div>\n\t\t\t\t\t\t\t<div  data-thumb=\"https:\/\/www.vergerdefouisseul.com\/wp-content\/uploads\/2016\/05\/Le-Verger_05052016_11.jpg\" data-src=\"https:\/\/www.vergerdefouisseul.com\/wp-content\/uploads\/2016\/05\/Le-Verger_05052016_11.jpg\" data-link=\"https:\/\/www.vergerdefouisseul.com\/wp-content\/uploads\/2016\/05\/Le-Verger_05052016_11.jpg\" data-target=\"_parent\">\n\t\t\t\t\t\t\t\t\t\t<\/div>\n\t\t\t\t\t\t\t<div  data-thumb=\"https:\/\/www.vergerdefouisseul.com\/wp-content\/uploads\/2017\/05\/20170423_Le-Verger-Fouisseul_ext\u00e9rieurs-16.jpg\" data-src=\"https:\/\/www.vergerdefouisseul.com\/wp-content\/uploads\/2017\/05\/20170423_Le-Verger-Fouisseul_ext\u00e9rieurs-16.jpg\" data-link=\"https:\/\/www.vergerdefouisseul.com\/wp-content\/uploads\/2017\/05\/20170423_Le-Verger-Fouisseul_ext\u00e9rieurs-16.jpg\" data-target=\"_parent\">\n\t\t\t\t\t\t\t\t\t\t<\/div>\n\t\t\t\t\t<\/div>\n\t\t<div style=\"clear:both;\"><\/div>\n\t\t\n<p>Cr\u00e9dit photo : \u00a9 Christophe Osmont (tous droits r\u00e9serv\u00e9s)<\/p>\n<p>Le Verger de Fouisseul est un ancien corps de ferme compos\u00e9 d\u2019une long\u00e8re en bauge dat\u00e9e \u00e0 l\u2019Inventaire g\u00e9n\u00e9ral du patrimoine culturel de fin 18\u00e8me d\u00e9but du 19\u00e8me si\u00e8cle, et d\u2019une grange plus r\u00e9cente marqu\u00e9e de l\u2019ann\u00e9e 1927 (date grav\u00e9e en pierre). La partie habitation a \u00e9t\u00e9 r\u00e9nov\u00e9 \u00e0 partir du d\u00e9but des ann\u00e9es 2000.<\/p>\n<p>Situ\u00e9e \u00e0 Saint Germain sur Ille, la b\u00e2tisse tient \u00e9galement son origine de l\u2019histoire du village dont l\u2019origine du nom est li\u00e9 \u00e0 Saint Germain, \u00e9v\u00eaque d\u2019Auxerre au <span class=\"romain\">V<\/span><sup>e<\/sup>\u00a0si\u00e8cle. Le bourg connut aux <span class=\"romain\">XI<\/span><sup>e<\/sup> et <span class=\"romain\">XII<\/span><sup>e<\/sup>\u00a0si\u00e8cles l\u2019appellation <i>Saint Germain d\u2019Aubign\u00e9<\/i> comme faisant partie de la seigneurie d\u2019Aubign\u00e9. Au <span class=\"romain\">XVI<\/span><sup>e<\/sup>\u00a0si\u00e8cle, l\u2019exploitation de terre glaise lui valut le nom de <i>Saint Germain l\u2019Argilier<\/i> et sous la R\u00e9volution, ce fut <i>Germain-la-Montagne<\/i>. On comprend alors pourquoi l\u2019argile tenait une place centrale dans les constructions locales.<\/p>\n<p>Tout au long de l\u2019\u00e9laboration de notre projet de r\u00e9am\u00e9nagement de la grange, nous avons suivi l\u2019objectif de respecter strictement l\u2019aspect historique et authentique de la maison, en murs de bauge.<\/p>\n<p>Le choix du ma\u00e7on sp\u00e9cialiste des techniques de terre (Monsieur Maetz de Saint Germain sur Ille) pour restituer l\u2019aspect ext\u00e9rieur et int\u00e9rieur des murs, le choix d\u2019un assainissement responsable r\u00e9alis\u00e9 avec l\u2019aide d\u2019un expert (M. Dousset \u2013 EF Etudes) et qui sera mis en \u0153uvre par un sp\u00e9cialiste (Pontruchet SARL \u2013 Montreuil sur Ille), la r\u00e9habilitation du verger qui avait \u00e9t\u00e9 supprim\u00e9, sont autant d\u2019\u00e9l\u00e9ments de motivations qui nous permettent d\u2019insuffler une \u00e2me \u00e0 notre projet de vie.<\/p>\n<p>Pourquoi \u00ab\u00a0Le Verger de Fouisseul\u00a0\u00bb ?<\/p>\n<p>A l&rsquo;origine, il existait un verger au nord de la propri\u00e9t\u00e9. Afin de retrouver les origines du site, nous avons replant\u00e9 une dizaine de vari\u00e9t\u00e9s d&rsquo;arbres fruitiers dont des pommiers (Jonagold, Reine des reinettes, Reinette Clochard, Reinette d&rsquo;armorique&#8230;), des poiriers (Conf\u00e9rence, Comtesse de Paris..), des pruniers (Mirabelles de Nancy et Reine-Claude), des cerisiers et des fruits \u00e0 coques.<\/p>\n<p>Nous vous proposons en fonction des saisons des paniers gourmands comprenant les fruits et l\u00e9gumes du jardin.<\/p>\n","protected":false},"excerpt":{"rendered":"<p>D\u00e9couvrez le Verger de Fouisseul au gr\u00e9 des saisons : Cr\u00e9dit photo : \u00a9 Christophe Osmont (tous droits r\u00e9serv\u00e9s) Le Verger de Fouisseul est un ancien corps de ferme compos\u00e9 d\u2019une long\u00e8re en bauge dat\u00e9e \u00e0 l\u2019Inventaire g\u00e9n\u00e9ral du patrimoine culturel de fin 18\u00e8me d\u00e9but du 19\u00e8me si\u00e8cle, et d\u2019une grange plus r\u00e9cente marqu\u00e9e de [&hellip;]<\/p>\n","protected":false},"author":1,"featured_media":0,"parent":0,"menu_order":0,"comment_status":"closed","ping_status":"closed","template":"","meta":{"footnotes":""},"class_list":["post-686","page","type-page","status-publish","czr-hentry"],"yoast_head":"<!-- This site is optimized with the Yoast SEO plugin v25.9 - https:\/\/yoast.com\/wordpress\/plugins\/seo\/ -->\n<title>Le Verger en images - Le Verger de Fouisseul<\/title>\n<meta name=\"robots\" content=\"index, follow, max-snippet:-1, max-image-preview:large, max-video-preview:-1\" \/>\n<link rel=\"canonical\" href=\"https:\/\/www.vergerdefouisseul.com\/index.php\/le-verger-images\/\" \/>\n<meta property=\"og:locale\" content=\"fr_FR\" \/>\n<meta property=\"og:type\" content=\"article\" \/>\n<meta property=\"og:title\" content=\"Le Verger en images - Le Verger de Fouisseul\" \/>\n<meta property=\"og:description\" content=\"D\u00e9couvrez le Verger de Fouisseul au gr\u00e9 des saisons : Cr\u00e9dit photo : \u00a9 Christophe Osmont (tous droits r\u00e9serv\u00e9s) Le Verger de Fouisseul est un ancien corps de ferme compos\u00e9 d\u2019une long\u00e8re en bauge dat\u00e9e \u00e0 l\u2019Inventaire g\u00e9n\u00e9ral du patrimoine culturel de fin 18\u00e8me d\u00e9but du 19\u00e8me si\u00e8cle, et d\u2019une grange plus r\u00e9cente marqu\u00e9e de [&hellip;]\" \/>\n<meta property=\"og:url\" content=\"https:\/\/www.vergerdefouisseul.com\/index.php\/le-verger-images\/\" \/>\n<meta property=\"og:site_name\" content=\"Le Verger de Fouisseul\" \/>\n<meta property=\"article:publisher\" content=\"https:\/\/www.facebook.com\/vergerfouisseul\" \/>\n<meta property=\"article:modified_time\" content=\"2019-06-26T09:02:08+00:00\" \/>\n<meta name=\"twitter:card\" content=\"summary_large_image\" \/>\n<meta name=\"twitter:label1\" content=\"Dur\u00e9e de lecture estim\u00e9e\" \/>\n\t<meta name=\"twitter:data1\" content=\"2 minutes\" \/>\n<script type=\"application\/ld+json\" class=\"yoast-schema-graph\">{\"@context\":\"https:\/\/schema.org\",\"@graph\":[{\"@type\":\"WebPage\",\"@id\":\"https:\/\/www.vergerdefouisseul.com\/index.php\/le-verger-images\/\",\"url\":\"https:\/\/www.vergerdefouisseul.com\/index.php\/le-verger-images\/\",\"name\":\"Le Verger en images - Le Verger de Fouisseul\",\"isPartOf\":{\"@id\":\"https:\/\/www.vergerdefouisseul.com\/#website\"},\"datePublished\":\"2017-01-27T10:52:37+00:00\",\"dateModified\":\"2019-06-26T09:02:08+00:00\",\"breadcrumb\":{\"@id\":\"https:\/\/www.vergerdefouisseul.com\/index.php\/le-verger-images\/#breadcrumb\"},\"inLanguage\":\"fr-FR\",\"potentialAction\":[{\"@type\":\"ReadAction\",\"target\":[\"https:\/\/www.vergerdefouisseul.com\/index.php\/le-verger-images\/\"]}]},{\"@type\":\"BreadcrumbList\",\"@id\":\"https:\/\/www.vergerdefouisseul.com\/index.php\/le-verger-images\/#breadcrumb\",\"itemListElement\":[{\"@type\":\"ListItem\",\"position\":1,\"name\":\"Accueil\",\"item\":\"https:\/\/www.vergerdefouisseul.com\/\"},{\"@type\":\"ListItem\",\"position\":2,\"name\":\"Le Verger en images\"}]},{\"@type\":\"WebSite\",\"@id\":\"https:\/\/www.vergerdefouisseul.com\/#website\",\"url\":\"https:\/\/www.vergerdefouisseul.com\/\",\"name\":\"Le Verger de Fouisseul\",\"description\":\"\",\"potentialAction\":[{\"@type\":\"SearchAction\",\"target\":{\"@type\":\"EntryPoint\",\"urlTemplate\":\"https:\/\/www.vergerdefouisseul.com\/?s={search_term_string}\"},\"query-input\":{\"@type\":\"PropertyValueSpecification\",\"valueRequired\":true,\"valueName\":\"search_term_string\"}}],\"inLanguage\":\"fr-FR\"}]}<\/script>\n<!-- \/ Yoast SEO plugin. -->","yoast_head_json":{"title":"Le Verger en images - Le Verger de Fouisseul","robots":{"index":"index","follow":"follow","max-snippet":"max-snippet:-1","max-image-preview":"max-image-preview:large","max-video-preview":"max-video-preview:-1"},"canonical":"https:\/\/www.vergerdefouisseul.com\/index.php\/le-verger-images\/","og_locale":"fr_FR","og_type":"article","og_title":"Le Verger en images - Le Verger de Fouisseul","og_description":"D\u00e9couvrez le Verger de Fouisseul au gr\u00e9 des saisons : Cr\u00e9dit photo : \u00a9 Christophe Osmont (tous droits r\u00e9serv\u00e9s) Le Verger de Fouisseul est un ancien corps de ferme compos\u00e9 d\u2019une long\u00e8re en bauge dat\u00e9e \u00e0 l\u2019Inventaire g\u00e9n\u00e9ral du patrimoine culturel de fin 18\u00e8me d\u00e9but du 19\u00e8me si\u00e8cle, et d\u2019une grange plus r\u00e9cente marqu\u00e9e de [&hellip;]","og_url":"https:\/\/www.vergerdefouisseul.com\/index.php\/le-verger-images\/","og_site_name":"Le Verger de Fouisseul","article_publisher":"https:\/\/www.facebook.com\/vergerfouisseul","article_modified_time":"2019-06-26T09:02:08+00:00","twitter_card":"summary_large_image","twitter_misc":{"Dur\u00e9e de lecture estim\u00e9e":"2 minutes"},"schema":{"@context":"https:\/\/schema.org","@graph":[{"@type":"WebPage","@id":"https:\/\/www.vergerdefouisseul.com\/index.php\/le-verger-images\/","url":"https:\/\/www.vergerdefouisseul.com\/index.php\/le-verger-images\/","name":"Le Verger en images - Le Verger de Fouisseul","isPartOf":{"@id":"https:\/\/www.vergerdefouisseul.com\/#website"},"datePublished":"2017-01-27T10:52:37+00:00","dateModified":"2019-06-26T09:02:08+00:00","breadcrumb":{"@id":"https:\/\/www.vergerdefouisseul.com\/index.php\/le-verger-images\/#breadcrumb"},"inLanguage":"fr-FR","potentialAction":[{"@type":"ReadAction","target":["https:\/\/www.vergerdefouisseul.com\/index.php\/le-verger-images\/"]}]},{"@type":"BreadcrumbList","@id":"https:\/\/www.vergerdefouisseul.com\/index.php\/le-verger-images\/#breadcrumb","itemListElement":[{"@type":"ListItem","position":1,"name":"Accueil","item":"https:\/\/www.vergerdefouisseul.com\/"},{"@type":"ListItem","position":2,"name":"Le Verger en images"}]},{"@type":"WebSite","@id":"https:\/\/www.vergerdefouisseul.com\/#website","url":"https:\/\/www.vergerdefouisseul.com\/","name":"Le Verger de Fouisseul","description":"","potentialAction":[{"@type":"SearchAction","target":{"@type":"EntryPoint","urlTemplate":"https:\/\/www.vergerdefouisseul.com\/?s={search_term_string}"},"query-input":{"@type":"PropertyValueSpecification","valueRequired":true,"valueName":"search_term_string"}}],"inLanguage":"fr-FR"}]}},"_links":{"self":[{"href":"https:\/\/www.vergerdefouisseul.com\/index.php\/wp-json\/wp\/v2\/pages\/686","targetHints":{"allow":["GET"]}}],"collection":[{"href":"https:\/\/www.vergerdefouisseul.com\/index.php\/wp-json\/wp\/v2\/pages"}],"about":[{"href":"https:\/\/www.vergerdefouisseul.com\/index.php\/wp-json\/wp\/v2\/types\/page"}],"author":[{"embeddable":true,"href":"https:\/\/www.vergerdefouisseul.com\/index.php\/wp-json\/wp\/v2\/users\/1"}],"replies":[{"embeddable":true,"href":"https:\/\/www.vergerdefouisseul.com\/index.php\/wp-json\/wp\/v2\/comments?post=686"}],"version-history":[{"count":12,"href":"https:\/\/www.vergerdefouisseul.com\/index.php\/wp-json\/wp\/v2\/pages\/686\/revisions"}],"predecessor-version":[{"id":1380,"href":"https:\/\/www.vergerdefouisseul.com\/index.php\/wp-json\/wp\/v2\/pages\/686\/revisions\/1380"}],"wp:attachment":[{"href":"https:\/\/www.vergerdefouisseul.com\/index.php\/wp-json\/wp\/v2\/media?parent=686"}],"curies":[{"name":"wp","href":"https:\/\/api.w.org\/{rel}","templated":true}]}}